{"id":4557,"date":"2002-09-19T07:15:00","date_gmt":"2002-09-19T07:15:00","guid":{"rendered":"https:\/\/tvmonton.com\/?post_type=project&#038;p=4557"},"modified":"2022-11-23T15:19:04","modified_gmt":"2022-11-23T15:19:04","slug":"green-48","status":"publish","type":"project","link":"https:\/\/tvmonton.com\/eng\/project\/green-48\/","title":{"rendered":"Green 48"},"content":{"rendered":"<p>[et_pb_section fb_built=\u201d1\u2033 _builder_version=\u201d4.17.1\u2033 _module_preset=\u201ddefault\u201d custom_margin=\u201d||0px||false|false\u201d custom_padding=\u201d||0px||false|false\u201d global_colors_info=\u201d{}\u201d] [et_pb_row _builder_version=\u201d4.17.1\u2033 _module_preset=\u201ddefault\u201d width=\u201d100%\u201d max_width=\u201d1300px\u201d height=\u201d100px\u201d max_height=\u201d100px\u201d custom_margin=\u201d||-50px||false|false\u201d custom_padding=\u201d ||0px||false|false\u201d global_colors_info=\u201d{}\u201d][et_pb_column type=\u201d4_4\u2033 _builder_version=\u201d4.17.1\u2033 _module_preset=\u201ddefault\u201d global_colors_info=\u201d{}\u201d][et_pb_code _builder_version=\u201d4.17.1 \u2033 _module_preset=\u201ddefault\u201d locked=\u201doff\u201d global_colors_info=\u201d{}\u201d]<a href=\"https:\/\/tvmonton.com\/eng\/projects\/multi-family-homes\/\" class=\"link\"><!-- [et_pb_line_break_holder] -->        <\/p>\n<div class=\"button\"><!-- [et_pb_line_break_holder] -->            <pee class=\"text\">\ud83e\udc14 Back to multi-family homes<\/pee><!-- [et_pb_line_break_holder] -->            <\/p>\n<div class=\"line\"><\/div>\n<p><!-- [et_pb_line_break_holder] -->        <\/div>\n<p><!-- [et_pb_line_break_holder] --><\/a><!-- [et_pb_line_break_holder] -->    <!-- [et_pb_line_break_holder] --><\/p>\n<style><!-- [et_pb_line_break_holder] -->  .link {<!-- [et_pb_line_break_holder] -->        display:inline-block;<!-- [et_pb_line_break_holder] -->        margin-top: 1%;<!-- [et_pb_line_break_holder] -->        margin-bottom: 1%;<!-- [et_pb_line_break_holder] -->    \t\t<!-- [et_pb_line_break_holder] -->    }<!-- [et_pb_line_break_holder] --><!-- [et_pb_line_break_holder] -->    .line {<!-- [et_pb_line_break_holder] -->        background-color: #E0DEDE;<!-- [et_pb_line_break_holder] -->        height: 2px;<!-- [et_pb_line_break_holder] -->        width: 0%;<!-- [et_pb_line_break_holder] -->      max-width: inherit;<!-- [et_pb_line_break_holder] -->        transition: 1s;<!-- [et_pb_line_break_holder] -->    }<!-- [et_pb_line_break_holder] --><!-- [et_pb_line_break_holder] -->    .link:hover .line {<!-- [et_pb_line_break_holder] -->        width: 100%;<!-- [et_pb_line_break_holder] -->        background-color: #2890d6;<!-- [et_pb_line_break_holder] -->    }<!-- [et_pb_line_break_holder] --><!-- [et_pb_line_break_holder] -->    .link:hover .text {<!-- [et_pb_line_break_holder] --><!-- [et_pb_line_break_holder] -->        color: #2890d6;<!-- [et_pb_line_break_holder] -->    }<!-- [et_pb_line_break_holder] -->  .text {<!-- [et_pb_line_break_holder] -->        font-size: 15px;<!-- [et_pb_line_break_holder] -->    color:#333<!-- [et_pb_line_break_holder] -->    }<!-- [et_pb_line_break_holder] -->  <!-- [et_pb_line_break_holder] --><!-- [et_pb_line_break_holder] --><\/style>\n<p>[\/et_pb_code][\/et_pb_column][\/et_pb_row][\/et_pb_section][et_pb_section fb_built=\u201d1\u2033 _builder_version=\u201d4.17.1\u2033 _module_preset=\u201ddefault\u201d global_colors_info=\u201d{}\u201d][et_pb_row column_structure=\u201d1_2,1_2 \u2033 make_equal=\u201don\u201d _builder_version=\u201d4.17.1\u2033 _module_preset=\u201ddefault\u201d max_width=\u201d1300px\u201d global_colors_info=\u201d{}\u201d][et_pb_column type=\u201d1_2\u2033 _builder_version=\u201d4.17.1\u2033 _module_preset=\u201ddefault\u201d global_colors_info =\u201d{}\u201d][et_pb_gallery gallery_ids=\u201d4560,4561,4562,4563\u2033 fullwidth=\u201don\u201d _builder_version=\u201d4.17.1\u2033 _module_preset=\u201ddefault\u201d global_colors_info=\u201d{}\u201d][\/et_pb_gallery][et_pb_post_nav in_same_term =\u201don\u201d _builder_version=\u201d4.17.1\u2033 _module_preset=\u201ddefault\u201d title_text_color=\u201d#3d3d3d\u201d title_font_size=\u201d15px\u201d global_colors_info=\u201d{}\u201d title_text_color__hover_enabled=\u201don|desktop\u201d title_text_color__hover=\u201d#2890d6\u2033][\/et_pb_post_nav][ \/et_pb_column][et_pb_column type=\u201d1_2\u2033 _builder_version=\u201d4.17.1\u2033 _module_preset=\u201ddefault\u201d global_colors_info=\u201d{}\u201d][et_pb_text _builder_version=\u201d4.17.1\u2033 _module_preset=\u201ddefault\u201d header_font=\u201dPoppins||| where||||\u201d global_colors_info=\u201d{}\u201d]<\/p>\n<h1>Green 48<\/h1>\n<p>&nbsp;<\/p>\n<p>Group of houses 48 Giuseppe Verdi Street, Sant Cugat del Vall\u00e8s<\/p>\n<p>Technal aluminum carpentry, stainless steel railings and locksmithing[\/et_pb_text][et_pb_divider color=\u201d#03a9f4\u2033 _builder_version=\u201d4.17.1\u2033 _module_preset=\u201ddefault\u201d custom_margin=\u201d20px||false|false\u201d global_colors_info= \u201d{}\u201d][\/et_pb_divider][et_pb_text _builder_version=\u201d4.17.1\u2033 _module_preset=\u201ddefault\u201d global_colors_info=\u201d{}\u201d]<\/p>\n<table style=\"border: none;\">\n<tbody>\n<tr style=\"height: 24px;\">\n<td style=\"height: 24px; width: 108.167px;\">ARCHITECT:<\/td>\n<td style=\"height: 24px; width: 331.467px;\">OAB. Carlos Ferrater \u2013 Joan Guibernau<\/td>\n<\/tr>\n<tr style=\"height: 24px;\">\n<td style=\"height: 24px; width: 108.167px;\">YEAR:<\/td>\n<td style=\"height: 24px; width: 331.467px;\">2002<\/td>\n<\/tr>\n<tr style=\"height: 24px;\">\n<td style=\"height: 24px; width: 108.167px;\">CUSTOMER:<\/td>\n<td style=\"height: 24px; width: 331.467px;\">Metro-3, SA<\/td>\n<\/tr>\n<tr style=\"height: 24px;\">\n<td style=\"height: 24px; width: 108.167px;\">SITUATION:<\/td>\n<td style=\"height: 24px; width: 331.467px;\">48 Giuseppe Verdi Street, Sant Cugat del Vall\u00e8s<\/td>\n<\/tr>\n<tr>\n<td style=\"width: 108.167px;\">PHOTOGRAPHY:<\/td>\n<td style=\"width: 331.467px;\">Llu\u00eds Casals<\/td>\n<\/tr>\n<\/tbody>\n<\/table>\n<p>[\/et_pb_text][\/et_pb_column][\/et_pb_row][\/et_pb_section][et_pb_section fb_built=\u201d1\u2033 _builder_version=\u201d4.17.1\u2033 _module_preset=\u201ddefault\u201d custom_padding=\u201d||10px||false|false\u201d global_colors_info=\u201d {}\u201d][et_pb_row _builder_version=\u201d4.17.1\u2033 _module_preset=\u201ddefault\u201d custom_margin=\u201d||||false|false\u201d custom_padding=\u201d||0px||false|false\u201d global_colors_info=\u201d{}\u201d][et_pb_column type=\u201d4_4\u2033 _builder_version=\u201d4.17.1\u2033 _module_preset=\u201ddefault\u201d global_colors_info=\u201d{}\u201d][et_pb_text _builder_version=\u201d4.17.1\u2033 _module_preset=\u201ddefault\u201d header_2_font=\u201dPoppins|||||||| &quot; global_colors_info=\u201d{}\u201d]<\/p>\n<h2>Related projects<\/h2>\n<p>[\/et_pb_text][\/et_pb_column][\/et_pb_row][\/et_pb_section][et_pb_section fb_built=\u201d1\u2033 fullwidth=\u201don\u201d _builder_version=\u201d4.17.1\u2033 _module_preset=\u201ddefault\u201d global_colors_info=\u201d{}\u201d][et_pb_fullwidth_portfolio include_categories =\u201d6\u2033 show_date=\u201doff\u201d zoom_icon_color=\u201d#FFFFFF\u201d hover_overlay_color=\u201drgba(2,2,2,0.3)\u201d hover_icon=\u201d=||divi||400\u2033 _builder_version=\u201d4.17.1\u2033 _module_preset=\u201ddefault \u201d portfolio_header_font=\u201dPoppins|||||||\u201d portfolio_header_font_size=\u201d50px\u201d title_text_color=\u201d#FFFFFF\u201d custom_css_portfolio_item=\u201dborder: 3px solid white||\u201d global_colors_info=\u201d{}\u201d][\/et_pb_fullwidth_portfolio][\/et_pb_section]<\/p>","protected":false},"excerpt":{"rendered":"<p>Verdi 48 Conjunt d&#039;Habitatge Carrer Giuseppe Verdi 48, Sant Cugat del Vall\u00e8s Technal aluminum carpentry, stainless steel railings and locksmithing ARCHITECT: OAB. Carlos Ferrater \u2013 Joan Guibernau YEAR: 2002 CLIENT: Metro-3, SA LOCATION: Carrer Giuseppe Verdi 48, Sant Cugat del Vall\u00e8s PHOTOGRAPHY: Llu\u00eds Casals Related projects<\/p>","protected":false},"author":1,"featured_media":4561,"comment_status":"open","ping_status":"open","template":"","meta":{"_et_pb_use_builder":"on","_et_pb_old_content":"","_et_gb_content_width":"","footnotes":""},"project_category":[6],"project_tag":[],"class_list":["post-4557","project","type-project","status-publish","has-post-thumbnail","hentry","project_category-habitatges-plurifamiliars"],"yoast_head":"<!-- This site is optimized with the Yoast SEO plugin v26.6 - https:\/\/yoast.com\/wordpress\/plugins\/seo\/ -->\n<title>Verdi 48 - Talleres Valeriano Monton<\/title>\n<meta name=\"robots\" content=\"index, follow, max-snippet:-1, max-image-preview:large, max-video-preview:-1\" \/>\n<link rel=\"canonical\" href=\"https:\/\/tvmonton.com\/eng\/project\/green-48\/\" \/>\n<meta property=\"og:locale\" content=\"en_US\" \/>\n<meta property=\"og:type\" content=\"article\" \/>\n<meta property=\"og:title\" content=\"Verdi 48 - Talleres Valeriano Monton\" \/>\n<meta property=\"og:description\" content=\"Verdi 48 &nbsp; Conjunt d\u2019Habitatge Carrer Giuseppe Verdi 48, Sant Cugat del Vall\u00e8s Fusteria d\u2019alumini Technal, baranes d\u2019acer inoxidable i serralleria ARQUITECTE: OAB. Carlos Ferrater \u2013 Joan Guibernau ANY: 2002 CLIENT: Metro-3, S.A. SITUACI\u00d3: Carrer Giuseppe Verdi 48, Sant Cugat del Vall\u00e8s FOTOGRAFIA: Llu\u00eds Casals Projectes relacionats\" \/>\n<meta property=\"og:url\" content=\"https:\/\/tvmonton.com\/eng\/project\/green-48\/\" \/>\n<meta property=\"og:site_name\" content=\"Talleres Valeriano Monton\" \/>\n<meta property=\"article:publisher\" content=\"https:\/\/www.facebook.com\/profile.php?id=100066883296772\" \/>\n<meta property=\"article:modified_time\" content=\"2022-11-23T15:19:04+00:00\" \/>\n<meta property=\"og:image\" content=\"https:\/\/tvmonton.com\/wp-content\/uploads\/2022\/09\/2002-Giussepe-Verdi-48-Sant-Cugat_03.jpg\" \/>\n\t<meta property=\"og:image:width\" content=\"1200\" \/>\n\t<meta property=\"og:image:height\" content=\"806\" \/>\n\t<meta property=\"og:image:type\" content=\"image\/jpeg\" \/>\n<meta name=\"twitter:card\" content=\"summary_large_image\" \/>\n<meta name=\"twitter:site\" content=\"@TV_Monton\" \/>\n<meta name=\"twitter:label1\" content=\"Est. reading time\" \/>\n\t<meta name=\"twitter:data1\" content=\"2 minutes\" \/>\n<script type=\"application\/ld+json\" class=\"yoast-schema-graph\">{\"@context\":\"https:\/\/schema.org\",\"@graph\":[{\"@type\":\"WebPage\",\"@id\":\"https:\/\/tvmonton.com\/project\/verdi-48\/\",\"url\":\"https:\/\/tvmonton.com\/project\/verdi-48\/\",\"name\":\"Verdi 48 - Talleres Valeriano Monton\",\"isPartOf\":{\"@id\":\"https:\/\/tvmonton.com\/#website\"},\"primaryImageOfPage\":{\"@id\":\"https:\/\/tvmonton.com\/project\/verdi-48\/#primaryimage\"},\"image\":{\"@id\":\"https:\/\/tvmonton.com\/project\/verdi-48\/#primaryimage\"},\"thumbnailUrl\":\"https:\/\/tvmonton.com\/wp-content\/uploads\/2022\/09\/giussepe-verdi-50.jpg\",\"datePublished\":\"2002-09-19T07:15:00+00:00\",\"dateModified\":\"2022-11-23T15:19:04+00:00\",\"breadcrumb\":{\"@id\":\"https:\/\/tvmonton.com\/project\/verdi-48\/#breadcrumb\"},\"inLanguage\":\"en-US\",\"potentialAction\":[{\"@type\":\"ReadAction\",\"target\":[\"https:\/\/tvmonton.com\/project\/verdi-48\/\"]}]},{\"@type\":\"ImageObject\",\"inLanguage\":\"en-US\",\"@id\":\"https:\/\/tvmonton.com\/project\/verdi-48\/#primaryimage\",\"url\":\"https:\/\/tvmonton.com\/wp-content\/uploads\/2022\/09\/giussepe-verdi-50.jpg\",\"contentUrl\":\"https:\/\/tvmonton.com\/wp-content\/uploads\/2022\/09\/giussepe-verdi-50.jpg\",\"width\":1200,\"height\":806,\"caption\":\"Vista des de l'exterior de l'edifici\"},{\"@type\":\"BreadcrumbList\",\"@id\":\"https:\/\/tvmonton.com\/project\/verdi-48\/#breadcrumb\",\"itemListElement\":[{\"@type\":\"ListItem\",\"position\":1,\"name\":\"Inici\",\"item\":\"https:\/\/tvmonton.com\/\"},{\"@type\":\"ListItem\",\"position\":2,\"name\":\"Projects\",\"item\":\"https:\/\/tvmonton.com\/project\/\"},{\"@type\":\"ListItem\",\"position\":3,\"name\":\"Verdi 48\"}]},{\"@type\":\"WebSite\",\"@id\":\"https:\/\/tvmonton.com\/#website\",\"url\":\"https:\/\/tvmonton.com\/\",\"name\":\"Talleres Valeriano Monton\",\"description\":\"TvMonton\",\"publisher\":{\"@id\":\"https:\/\/tvmonton.com\/#organization\"},\"inLanguage\":\"en-US\"},{\"@type\":\"Organization\",\"@id\":\"https:\/\/tvmonton.com\/#organization\",\"name\":\"TVmonton\",\"url\":\"https:\/\/tvmonton.com\/\",\"logo\":{\"@type\":\"ImageObject\",\"inLanguage\":\"en-US\",\"@id\":\"https:\/\/tvmonton.com\/#\/schema\/logo\/image\/\",\"url\":\"https:\/\/tvmonton.com\/wp-content\/uploads\/2022\/09\/tvm-footer.jpg\",\"contentUrl\":\"https:\/\/tvmonton.com\/wp-content\/uploads\/2022\/09\/tvm-footer.jpg\",\"width\":150,\"height\":150,\"caption\":\"TVmonton\"},\"image\":{\"@id\":\"https:\/\/tvmonton.com\/#\/schema\/logo\/image\/\"},\"sameAs\":[\"https:\/\/www.facebook.com\/profile.php?id=100066883296772\",\"https:\/\/x.com\/TV_Monton\",\"https:\/\/www.instagram.com\/talleres_valeriano_monton\/\"]}]}<\/script>\n<!-- \/ Yoast SEO plugin. -->","yoast_head_json":{"title":"Verdi 48 - Talleres Valeriano Monton","robots":{"index":"index","follow":"follow","max-snippet":"max-snippet:-1","max-image-preview":"max-image-preview:large","max-video-preview":"max-video-preview:-1"},"canonical":"https:\/\/tvmonton.com\/eng\/project\/green-48\/","og_locale":"en_US","og_type":"article","og_title":"Verdi 48 - Talleres Valeriano Monton","og_description":"Verdi 48 &nbsp; Conjunt d\u2019Habitatge Carrer Giuseppe Verdi 48, Sant Cugat del Vall\u00e8s Fusteria d\u2019alumini Technal, baranes d\u2019acer inoxidable i serralleria ARQUITECTE: OAB. Carlos Ferrater \u2013 Joan Guibernau ANY: 2002 CLIENT: Metro-3, S.A. SITUACI\u00d3: Carrer Giuseppe Verdi 48, Sant Cugat del Vall\u00e8s FOTOGRAFIA: Llu\u00eds Casals Projectes relacionats","og_url":"https:\/\/tvmonton.com\/eng\/project\/green-48\/","og_site_name":"Talleres Valeriano Monton","article_publisher":"https:\/\/www.facebook.com\/profile.php?id=100066883296772","article_modified_time":"2022-11-23T15:19:04+00:00","og_image":[{"width":1200,"height":806,"url":"https:\/\/tvmonton.com\/wp-content\/uploads\/2022\/09\/2002-Giussepe-Verdi-48-Sant-Cugat_03.jpg","type":"image\/jpeg"}],"twitter_card":"summary_large_image","twitter_site":"@TV_Monton","twitter_misc":{"Est. reading time":"2 minutes"},"schema":{"@context":"https:\/\/schema.org","@graph":[{"@type":"WebPage","@id":"https:\/\/tvmonton.com\/project\/verdi-48\/","url":"https:\/\/tvmonton.com\/project\/verdi-48\/","name":"Verdi 48 - Talleres Valeriano Monton","isPartOf":{"@id":"https:\/\/tvmonton.com\/#website"},"primaryImageOfPage":{"@id":"https:\/\/tvmonton.com\/project\/verdi-48\/#primaryimage"},"image":{"@id":"https:\/\/tvmonton.com\/project\/verdi-48\/#primaryimage"},"thumbnailUrl":"https:\/\/tvmonton.com\/wp-content\/uploads\/2022\/09\/giussepe-verdi-50.jpg","datePublished":"2002-09-19T07:15:00+00:00","dateModified":"2022-11-23T15:19:04+00:00","breadcrumb":{"@id":"https:\/\/tvmonton.com\/project\/verdi-48\/#breadcrumb"},"inLanguage":"en-US","potentialAction":[{"@type":"ReadAction","target":["https:\/\/tvmonton.com\/project\/verdi-48\/"]}]},{"@type":"ImageObject","inLanguage":"en-US","@id":"https:\/\/tvmonton.com\/project\/verdi-48\/#primaryimage","url":"https:\/\/tvmonton.com\/wp-content\/uploads\/2022\/09\/giussepe-verdi-50.jpg","contentUrl":"https:\/\/tvmonton.com\/wp-content\/uploads\/2022\/09\/giussepe-verdi-50.jpg","width":1200,"height":806,"caption":"Vista des de l'exterior de l'edifici"},{"@type":"BreadcrumbList","@id":"https:\/\/tvmonton.com\/project\/verdi-48\/#breadcrumb","itemListElement":[{"@type":"ListItem","position":1,"name":"Inici","item":"https:\/\/tvmonton.com\/"},{"@type":"ListItem","position":2,"name":"Projects","item":"https:\/\/tvmonton.com\/project\/"},{"@type":"ListItem","position":3,"name":"Verdi 48"}]},{"@type":"WebSite","@id":"https:\/\/tvmonton.com\/#website","url":"https:\/\/tvmonton.com\/","name":"Talleres Valeriano Monton","description":"TvMonton","publisher":{"@id":"https:\/\/tvmonton.com\/#organization"},"inLanguage":"en-US"},{"@type":"Organization","@id":"https:\/\/tvmonton.com\/#organization","name":"TVmonton","url":"https:\/\/tvmonton.com\/","logo":{"@type":"ImageObject","inLanguage":"en-US","@id":"https:\/\/tvmonton.com\/#\/schema\/logo\/image\/","url":"https:\/\/tvmonton.com\/wp-content\/uploads\/2022\/09\/tvm-footer.jpg","contentUrl":"https:\/\/tvmonton.com\/wp-content\/uploads\/2022\/09\/tvm-footer.jpg","width":150,"height":150,"caption":"TVmonton"},"image":{"@id":"https:\/\/tvmonton.com\/#\/schema\/logo\/image\/"},"sameAs":["https:\/\/www.facebook.com\/profile.php?id=100066883296772","https:\/\/x.com\/TV_Monton","https:\/\/www.instagram.com\/talleres_valeriano_monton\/"]}]}},"_links":{"self":[{"href":"https:\/\/tvmonton.com\/eng\/wp-json\/wp\/v2\/project\/4557","targetHints":{"allow":["GET"]}}],"collection":[{"href":"https:\/\/tvmonton.com\/eng\/wp-json\/wp\/v2\/project"}],"about":[{"href":"https:\/\/tvmonton.com\/eng\/wp-json\/wp\/v2\/types\/project"}],"author":[{"embeddable":true,"href":"https:\/\/tvmonton.com\/eng\/wp-json\/wp\/v2\/users\/1"}],"replies":[{"embeddable":true,"href":"https:\/\/tvmonton.com\/eng\/wp-json\/wp\/v2\/comments?post=4557"}],"version-history":[{"count":0,"href":"https:\/\/tvmonton.com\/eng\/wp-json\/wp\/v2\/project\/4557\/revisions"}],"wp:featuredmedia":[{"embeddable":true,"href":"https:\/\/tvmonton.com\/eng\/wp-json\/wp\/v2\/media\/4561"}],"wp:attachment":[{"href":"https:\/\/tvmonton.com\/eng\/wp-json\/wp\/v2\/media?parent=4557"}],"wp:term":[{"taxonomy":"project_category","embeddable":true,"href":"https:\/\/tvmonton.com\/eng\/wp-json\/wp\/v2\/project_category?post=4557"},{"taxonomy":"project_tag","embeddable":true,"href":"https:\/\/tvmonton.com\/eng\/wp-json\/wp\/v2\/project_tag?post=4557"}],"curies":[{"name":"wp","href":"https:\/\/api.w.org\/{rel}","templated":true}]}}